{"id":1099,"date":"2023-03-08T19:31:42","date_gmt":"2023-03-08T18:31:42","guid":{"rendered":"https:\/\/juditneddermann.com\/shop\/?post_type=product&#038;p=1099"},"modified":"2026-03-04T11:22:25","modified_gmt":"2026-03-04T10:22:25","slug":"canta-conte-illustrat","status":"publish","type":"product","link":"https:\/\/juditneddermann.com\/shop\/producte\/canta-conte-illustrat\/","title":{"rendered":"&#8216;Canta&#8217; Conte il\u00b7lustrat"},"content":{"rendered":"<p>Canta\u00a0\u00e9s un conte basat en la can\u00e7\u00f3 hom\u00f2nima de Judit Neddermann.<br \/>\n\u00c9s un conte infantil\u00a0que\u00a0parla de tres protagonistes, la Jana, en Jo\u00e3o i la Juana. Tres infants, procecents de diferents cultures, per\u00f2 que malgrat les seves difer\u00e8ncies saben entendre&#8217;s i jugar junts. Aquest conte, tal com fa la can\u00e7\u00f3, es basa en la idea que el m\u00e9s important \u00e9s el que el cor senti\u00a0i, que en aquests moments, les paraules sobren.<br \/>\nEl conte inclou tres \u00e0udios de la Judit Neddermann parlant en els tres idiomes de proced\u00e8ncia de\u00a0la Jana, en Jo\u00e3o i la Juana: el catal\u00e0, el portugu\u00e8s i el castell\u00e0 respectivament. Escolta&#8217;ls a trav\u00e9s dels QRs del conte.<br \/>\nLes il\u00b7lustracions s\u00f3n\u00a0d&#8217;Alba Falgarona.<\/p>\n","protected":false},"excerpt":{"rendered":"<p>Canta\u00a0\u00e9s un conte basat en la can\u00e7\u00f3 hom\u00f2nima de Judit Neddermann. \u00c9s un conte infantil\u00a0que\u00a0parla de tres protagonistes, la Jana, en Jo\u00e3o i la Juana. Tres infants, procecents de diferents cultures, per\u00f2 que malgrat les seves difer\u00e8ncies saben entendre&#8217;s i jugar junts. Aquest conte, tal com fa la can\u00e7\u00f3, es basa en la idea que [&hellip;]<\/p>\n","protected":false},"featured_media":1100,"comment_status":"open","ping_status":"closed","template":"","meta":{"_genesis_hide_title":false,"_genesis_hide_breadcrumbs":false,"_genesis_hide_singular_image":false,"_genesis_hide_footer_widgets":false,"_genesis_custom_body_class":"","_genesis_custom_post_class":"","_genesis_layout":""},"product_brand":[],"product_cat":[15],"product_tag":[],"class_list":{"0":"post-1099","1":"product","2":"type-product","3":"status-publish","4":"has-post-thumbnail","6":"product_cat-uncategorized","7":"entry","9":"first","10":"outofstock","11":"taxable","12":"shipping-taxable","13":"purchasable","14":"product-type-simple"},"_links":{"self":[{"href":"https:\/\/juditneddermann.com\/shop\/wp-json\/wp\/v2\/product\/1099","targetHints":{"allow":["GET"]}}],"collection":[{"href":"https:\/\/juditneddermann.com\/shop\/wp-json\/wp\/v2\/product"}],"about":[{"href":"https:\/\/juditneddermann.com\/shop\/wp-json\/wp\/v2\/types\/product"}],"replies":[{"embeddable":true,"href":"https:\/\/juditneddermann.com\/shop\/wp-json\/wp\/v2\/comments?post=1099"}],"wp:featuredmedia":[{"embeddable":true,"href":"https:\/\/juditneddermann.com\/shop\/wp-json\/wp\/v2\/media\/1100"}],"wp:attachment":[{"href":"https:\/\/juditneddermann.com\/shop\/wp-json\/wp\/v2\/media?parent=1099"}],"wp:term":[{"taxonomy":"product_brand","embeddable":true,"href":"https:\/\/juditneddermann.com\/shop\/wp-json\/wp\/v2\/product_brand?post=1099"},{"taxonomy":"product_cat","embeddable":true,"href":"https:\/\/juditneddermann.com\/shop\/wp-json\/wp\/v2\/product_cat?post=1099"},{"taxonomy":"product_tag","embeddable":true,"href":"https:\/\/juditneddermann.com\/shop\/wp-json\/wp\/v2\/product_tag?post=1099"}],"curies":[{"name":"wp","href":"https:\/\/api.w.org\/{rel}","templated":true}]}}